{"id":88,"date":"2022-07-26T15:48:28","date_gmt":"2022-07-26T13:48:28","guid":{"rendered":"https:\/\/denee-location-inter-asso.fr\/?post_type=product&#038;p=88"},"modified":"2026-04-19T18:05:33","modified_gmt":"2026-04-19T16:05:33","slug":"congelateur-bac","status":"publish","type":"product","link":"https:\/\/denee-location-inter-asso.fr\/index.php\/produit\/congelateur-bac\/","title":{"rendered":"CONGELATEUR BAC"},"content":{"rendered":"<ul>\n<li>Dimensions (L*P*H) : 1,28*0,67*0,895m<\/li>\n<li>Capacit\u00e9 : 370 litres<\/li>\n<li>Poids : 57kgs<\/li>\n<li>Puissance : 86 watts<\/li>\n<li>Avec couvercle coulissant et mont\u00e9 sur roulettes<\/li>\n<\/ul>\n<p>Merci de lire les conditions g\u00e9n\u00e9rales de vente, <a href=\"https:\/\/denee-location-inter-asso.fr\/index.php\/cgv\/\">ici<\/a><\/p>\n<p>&nbsp;<\/p>\n","protected":false},"excerpt":{"rendered":"<p><strong>Dur\u00e9e de la location :<\/strong><br \/>\nLa\u00a0 location est consentie pour une dur\u00e9e de 4 jours \u00e0 compter du : <strong>Vendredi \u00e0 18 h pr\u00e9cise pour se terminer le lundi \u00e0 18 h pr\u00e9cise<\/strong>.<br \/>\nRetrait : rue du Colonel \u00e0 Den\u00e9e (face \u00e0 l\u2019\u00e9cole Sainte Marie)<br \/>\n<strong>La location est r\u00e9serv\u00e9e aux habitants de la commune de Den\u00e9e 49190.<\/strong><\/p>\n","protected":false},"featured_media":632,"template":"","meta":{"site-sidebar-layout":"default","site-content-layout":"default","ast-site-content-layout":"default","site-content-style":"default","site-sidebar-style":"default","ast-global-header-display":"","ast-banner-title-visibility":"","ast-main-header-display":"","ast-hfb-above-header-display":"","ast-hfb-below-header-display":"","ast-hfb-mobile-header-display":"","site-post-title":"","ast-breadcrumbs-content":"","ast-featured-img":"","footer-sml-layout":"","ast-disable-related-posts":"","theme-transparent-header-meta":"default","adv-header-id-meta":"","stick-header-meta":"","header-above-stick-meta":"","header-main-stick-meta":"","header-below-stick-meta":"","astra-migrate-meta-layouts":"default","ast-page-background-enabled":"default","ast-page-background-meta":{"desktop":{"background-color":"var(--ast-global-color-4)","background-image":"","background-repeat":"repeat","background-position":"center center","background-size":"auto","background-attachment":"scroll","background-type":"","background-media":"","overlay-type":"","overlay-color":"","overlay-opacity":"","overlay-gradient":""},"tablet":{"background-color":"","background-image":"","background-repeat":"repeat","background-position":"center center","background-size":"auto","background-attachment":"scroll","background-type":"","background-media":"","overlay-type":"","overlay-color":"","overlay-opacity":"","overlay-gradient":""},"mobile":{"background-color":"","background-image":"","background-repeat":"repeat","background-position":"center center","background-size":"auto","background-attachment":"scroll","background-type":"","background-media":"","overlay-type":"","overlay-color":"","overlay-opacity":"","overlay-gradient":""}},"ast-content-background-meta":{"desktop":{"background-color":"var(--ast-global-color-5)","background-image":"","background-repeat":"repeat","background-position":"center center","background-size":"auto","background-attachment":"scroll","background-type":"","background-media":"","overlay-type":"","overlay-color":"","overlay-opacity":"","overlay-gradient":""},"tablet":{"background-color":"var(--ast-global-color-5)","background-image":"","background-repeat":"repeat","background-position":"center center","background-size":"auto","background-attachment":"scroll","background-type":"","background-media":"","overlay-type":"","overlay-color":"","overlay-opacity":"","overlay-gradient":""},"mobile":{"background-color":"var(--ast-global-color-5)","background-image":"","background-repeat":"repeat","background-position":"center center","background-size":"auto","background-attachment":"scroll","background-type":"","background-media":"","overlay-type":"","overlay-color":"","overlay-opacity":"","overlay-gradient":""}}},"product_brand":[],"product_cat":[64,60,15],"product_tag":[],"class_list":{"0":"post-88","1":"product","2":"type-product","3":"status-publish","4":"has-post-thumbnail","6":"product_cat-cuisson-froid","7":"product_cat-materiel-a-louer","8":"product_cat-non-classe","9":"desktop-align-left","10":"tablet-align-left","11":"mobile-align-left","13":"first","14":"instock","15":"shipping-taxable","16":"purchasable","17":"product-type-simple"},"yoast_head":"<!-- This site is optimized with the Yoast SEO plugin v27.5 - https:\/\/yoast.com\/product\/yoast-seo-wordpress\/ -->\n<title>CONGELATEUR BAC - Den\u00e9e location inter asso<\/title>\n<meta name=\"robots\" content=\"index, follow, max-snippet:-1, max-image-preview:large, max-video-preview:-1\" \/>\n<link rel=\"canonical\" href=\"https:\/\/denee-location-inter-asso.fr\/index.php\/produit\/congelateur-bac\/\" \/>\n<meta property=\"og:locale\" content=\"fr_FR\" \/>\n<meta property=\"og:type\" content=\"article\" \/>\n<meta property=\"og:title\" content=\"CONGELATEUR BAC - Den\u00e9e location inter asso\" \/>\n<meta property=\"og:description\" content=\"Dur\u00e9e de la location : La\u00a0 location est consentie pour une dur\u00e9e de 4 jours \u00e0 compter du : Vendredi \u00e0 18 h pr\u00e9cise pour se terminer le lundi \u00e0 18 h pr\u00e9cise. Retrait : rue du Colonel \u00e0 Den\u00e9e (face \u00e0 l\u2019\u00e9cole Sainte Marie) La location est r\u00e9serv\u00e9e aux habitants de la commune de Den\u00e9e 49190.\" \/>\n<meta property=\"og:url\" content=\"https:\/\/denee-location-inter-asso.fr\/index.php\/produit\/congelateur-bac\/\" \/>\n<meta property=\"og:site_name\" content=\"Den\u00e9e location inter asso\" \/>\n<meta property=\"article:modified_time\" content=\"2026-04-19T16:05:33+00:00\" \/>\n<meta property=\"og:image\" content=\"https:\/\/denee-location-inter-asso.fr\/wp-content\/uploads\/2022\/10\/12.png\" \/>\n\t<meta property=\"og:image:width\" content=\"1080\" \/>\n\t<meta property=\"og:image:height\" content=\"1080\" \/>\n\t<meta property=\"og:image:type\" content=\"image\/png\" \/>\n<meta name=\"twitter:card\" content=\"summary_large_image\" \/>\n<meta name=\"twitter:label1\" content=\"Dur\u00e9e de lecture estim\u00e9e\" \/>\n\t<meta name=\"twitter:data1\" content=\"1 minute\" \/>\n<script type=\"application\/ld+json\" class=\"yoast-schema-graph\">{\"@context\":\"https:\\\/\\\/schema.org\",\"@graph\":[{\"@type\":\"WebPage\",\"@id\":\"https:\\\/\\\/denee-location-inter-asso.fr\\\/index.php\\\/produit\\\/congelateur-bac\\\/\",\"url\":\"https:\\\/\\\/denee-location-inter-asso.fr\\\/index.php\\\/produit\\\/congelateur-bac\\\/\",\"name\":\"CONGELATEUR BAC - Den\u00e9e location inter asso\",\"isPartOf\":{\"@id\":\"https:\\\/\\\/denee-location-inter-asso.fr\\\/#website\"},\"primaryImageOfPage\":{\"@id\":\"https:\\\/\\\/denee-location-inter-asso.fr\\\/index.php\\\/produit\\\/congelateur-bac\\\/#primaryimage\"},\"image\":{\"@id\":\"https:\\\/\\\/denee-location-inter-asso.fr\\\/index.php\\\/produit\\\/congelateur-bac\\\/#primaryimage\"},\"thumbnailUrl\":\"https:\\\/\\\/denee-location-inter-asso.fr\\\/wp-content\\\/uploads\\\/2022\\\/10\\\/12.png\",\"datePublished\":\"2022-07-26T13:48:28+00:00\",\"dateModified\":\"2026-04-19T16:05:33+00:00\",\"breadcrumb\":{\"@id\":\"https:\\\/\\\/denee-location-inter-asso.fr\\\/index.php\\\/produit\\\/congelateur-bac\\\/#breadcrumb\"},\"inLanguage\":\"fr-FR\",\"potentialAction\":[{\"@type\":\"ReadAction\",\"target\":[\"https:\\\/\\\/denee-location-inter-asso.fr\\\/index.php\\\/produit\\\/congelateur-bac\\\/\"]}]},{\"@type\":\"ImageObject\",\"inLanguage\":\"fr-FR\",\"@id\":\"https:\\\/\\\/denee-location-inter-asso.fr\\\/index.php\\\/produit\\\/congelateur-bac\\\/#primaryimage\",\"url\":\"https:\\\/\\\/denee-location-inter-asso.fr\\\/wp-content\\\/uploads\\\/2022\\\/10\\\/12.png\",\"contentUrl\":\"https:\\\/\\\/denee-location-inter-asso.fr\\\/wp-content\\\/uploads\\\/2022\\\/10\\\/12.png\",\"width\":1080,\"height\":1080},{\"@type\":\"BreadcrumbList\",\"@id\":\"https:\\\/\\\/denee-location-inter-asso.fr\\\/index.php\\\/produit\\\/congelateur-bac\\\/#breadcrumb\",\"itemListElement\":[{\"@type\":\"ListItem\",\"position\":1,\"name\":\"Accueil\",\"item\":\"https:\\\/\\\/denee-location-inter-asso.fr\\\/\"},{\"@type\":\"ListItem\",\"position\":2,\"name\":\"Boutique\",\"item\":\"https:\\\/\\\/denee-location-inter-asso.fr\\\/index.php\\\/boutique\\\/\"},{\"@type\":\"ListItem\",\"position\":3,\"name\":\"CONGELATEUR BAC\"}]},{\"@type\":\"WebSite\",\"@id\":\"https:\\\/\\\/denee-location-inter-asso.fr\\\/#website\",\"url\":\"https:\\\/\\\/denee-location-inter-asso.fr\\\/\",\"name\":\"Den\u00e9e location Inter Asso\",\"description\":\"\",\"publisher\":{\"@id\":\"https:\\\/\\\/denee-location-inter-asso.fr\\\/#organization\"},\"potentialAction\":[{\"@type\":\"SearchAction\",\"target\":{\"@type\":\"EntryPoint\",\"urlTemplate\":\"https:\\\/\\\/denee-location-inter-asso.fr\\\/?s={search_term_string}\"},\"query-input\":{\"@type\":\"PropertyValueSpecification\",\"valueRequired\":true,\"valueName\":\"search_term_string\"}}],\"inLanguage\":\"fr-FR\"},{\"@type\":\"Organization\",\"@id\":\"https:\\\/\\\/denee-location-inter-asso.fr\\\/#organization\",\"name\":\"Den\u00e9e location Inter Asso\",\"url\":\"https:\\\/\\\/denee-location-inter-asso.fr\\\/\",\"logo\":{\"@type\":\"ImageObject\",\"inLanguage\":\"fr-FR\",\"@id\":\"https:\\\/\\\/denee-location-inter-asso.fr\\\/#\\\/schema\\\/logo\\\/image\\\/\",\"url\":\"https:\\\/\\\/denee-location-inter-asso.fr\\\/wp-content\\\/uploads\\\/2022\\\/09\\\/D-500-\u00d7-200-px-300-\u00d7-200-px.png\",\"contentUrl\":\"https:\\\/\\\/denee-location-inter-asso.fr\\\/wp-content\\\/uploads\\\/2022\\\/09\\\/D-500-\u00d7-200-px-300-\u00d7-200-px.png\",\"width\":300,\"height\":200,\"caption\":\"Den\u00e9e location Inter Asso\"},\"image\":{\"@id\":\"https:\\\/\\\/denee-location-inter-asso.fr\\\/#\\\/schema\\\/logo\\\/image\\\/\"}}]}<\/script>\n<!-- \/ Yoast SEO plugin. -->","yoast_head_json":{"title":"CONGELATEUR BAC - Den\u00e9e location inter asso","robots":{"index":"index","follow":"follow","max-snippet":"max-snippet:-1","max-image-preview":"max-image-preview:large","max-video-preview":"max-video-preview:-1"},"canonical":"https:\/\/denee-location-inter-asso.fr\/index.php\/produit\/congelateur-bac\/","og_locale":"fr_FR","og_type":"article","og_title":"CONGELATEUR BAC - Den\u00e9e location inter asso","og_description":"Dur\u00e9e de la location : La\u00a0 location est consentie pour une dur\u00e9e de 4 jours \u00e0 compter du : Vendredi \u00e0 18 h pr\u00e9cise pour se terminer le lundi \u00e0 18 h pr\u00e9cise. Retrait : rue du Colonel \u00e0 Den\u00e9e (face \u00e0 l\u2019\u00e9cole Sainte Marie) La location est r\u00e9serv\u00e9e aux habitants de la commune de Den\u00e9e 49190.","og_url":"https:\/\/denee-location-inter-asso.fr\/index.php\/produit\/congelateur-bac\/","og_site_name":"Den\u00e9e location inter asso","article_modified_time":"2026-04-19T16:05:33+00:00","og_image":[{"width":1080,"height":1080,"url":"https:\/\/denee-location-inter-asso.fr\/wp-content\/uploads\/2022\/10\/12.png","type":"image\/png"}],"twitter_card":"summary_large_image","twitter_misc":{"Dur\u00e9e de lecture estim\u00e9e":"1 minute"},"schema":{"@context":"https:\/\/schema.org","@graph":[{"@type":"WebPage","@id":"https:\/\/denee-location-inter-asso.fr\/index.php\/produit\/congelateur-bac\/","url":"https:\/\/denee-location-inter-asso.fr\/index.php\/produit\/congelateur-bac\/","name":"CONGELATEUR BAC - Den\u00e9e location inter asso","isPartOf":{"@id":"https:\/\/denee-location-inter-asso.fr\/#website"},"primaryImageOfPage":{"@id":"https:\/\/denee-location-inter-asso.fr\/index.php\/produit\/congelateur-bac\/#primaryimage"},"image":{"@id":"https:\/\/denee-location-inter-asso.fr\/index.php\/produit\/congelateur-bac\/#primaryimage"},"thumbnailUrl":"https:\/\/denee-location-inter-asso.fr\/wp-content\/uploads\/2022\/10\/12.png","datePublished":"2022-07-26T13:48:28+00:00","dateModified":"2026-04-19T16:05:33+00:00","breadcrumb":{"@id":"https:\/\/denee-location-inter-asso.fr\/index.php\/produit\/congelateur-bac\/#breadcrumb"},"inLanguage":"fr-FR","potentialAction":[{"@type":"ReadAction","target":["https:\/\/denee-location-inter-asso.fr\/index.php\/produit\/congelateur-bac\/"]}]},{"@type":"ImageObject","inLanguage":"fr-FR","@id":"https:\/\/denee-location-inter-asso.fr\/index.php\/produit\/congelateur-bac\/#primaryimage","url":"https:\/\/denee-location-inter-asso.fr\/wp-content\/uploads\/2022\/10\/12.png","contentUrl":"https:\/\/denee-location-inter-asso.fr\/wp-content\/uploads\/2022\/10\/12.png","width":1080,"height":1080},{"@type":"BreadcrumbList","@id":"https:\/\/denee-location-inter-asso.fr\/index.php\/produit\/congelateur-bac\/#breadcrumb","itemListElement":[{"@type":"ListItem","position":1,"name":"Accueil","item":"https:\/\/denee-location-inter-asso.fr\/"},{"@type":"ListItem","position":2,"name":"Boutique","item":"https:\/\/denee-location-inter-asso.fr\/index.php\/boutique\/"},{"@type":"ListItem","position":3,"name":"CONGELATEUR BAC"}]},{"@type":"WebSite","@id":"https:\/\/denee-location-inter-asso.fr\/#website","url":"https:\/\/denee-location-inter-asso.fr\/","name":"Den\u00e9e location Inter Asso","description":"","publisher":{"@id":"https:\/\/denee-location-inter-asso.fr\/#organization"},"potentialAction":[{"@type":"SearchAction","target":{"@type":"EntryPoint","urlTemplate":"https:\/\/denee-location-inter-asso.fr\/?s={search_term_string}"},"query-input":{"@type":"PropertyValueSpecification","valueRequired":true,"valueName":"search_term_string"}}],"inLanguage":"fr-FR"},{"@type":"Organization","@id":"https:\/\/denee-location-inter-asso.fr\/#organization","name":"Den\u00e9e location Inter Asso","url":"https:\/\/denee-location-inter-asso.fr\/","logo":{"@type":"ImageObject","inLanguage":"fr-FR","@id":"https:\/\/denee-location-inter-asso.fr\/#\/schema\/logo\/image\/","url":"https:\/\/denee-location-inter-asso.fr\/wp-content\/uploads\/2022\/09\/D-500-\u00d7-200-px-300-\u00d7-200-px.png","contentUrl":"https:\/\/denee-location-inter-asso.fr\/wp-content\/uploads\/2022\/09\/D-500-\u00d7-200-px-300-\u00d7-200-px.png","width":300,"height":200,"caption":"Den\u00e9e location Inter Asso"},"image":{"@id":"https:\/\/denee-location-inter-asso.fr\/#\/schema\/logo\/image\/"}}]}},"_links":{"self":[{"href":"https:\/\/denee-location-inter-asso.fr\/index.php\/wp-json\/wp\/v2\/product\/88","targetHints":{"allow":["GET"]}}],"collection":[{"href":"https:\/\/denee-location-inter-asso.fr\/index.php\/wp-json\/wp\/v2\/product"}],"about":[{"href":"https:\/\/denee-location-inter-asso.fr\/index.php\/wp-json\/wp\/v2\/types\/product"}],"version-history":[{"count":2,"href":"https:\/\/denee-location-inter-asso.fr\/index.php\/wp-json\/wp\/v2\/product\/88\/revisions"}],"predecessor-version":[{"id":2423,"href":"https:\/\/denee-location-inter-asso.fr\/index.php\/wp-json\/wp\/v2\/product\/88\/revisions\/2423"}],"wp:featuredmedia":[{"embeddable":true,"href":"https:\/\/denee-location-inter-asso.fr\/index.php\/wp-json\/wp\/v2\/media\/632"}],"wp:attachment":[{"href":"https:\/\/denee-location-inter-asso.fr\/index.php\/wp-json\/wp\/v2\/media?parent=88"}],"wp:term":[{"taxonomy":"product_brand","embeddable":true,"href":"https:\/\/denee-location-inter-asso.fr\/index.php\/wp-json\/wp\/v2\/product_brand?post=88"},{"taxonomy":"product_cat","embeddable":true,"href":"https:\/\/denee-location-inter-asso.fr\/index.php\/wp-json\/wp\/v2\/product_cat?post=88"},{"taxonomy":"product_tag","embeddable":true,"href":"https:\/\/denee-location-inter-asso.fr\/index.php\/wp-json\/wp\/v2\/product_tag?post=88"}],"curies":[{"name":"wp","href":"https:\/\/api.w.org\/{rel}","templated":true}]}}